{"id":685,"date":"2018-07-25T15:06:42","date_gmt":"2018-07-25T18:06:42","guid":{"rendered":"https:\/\/isss-crr.infd.edu.ar\/sitio\/?page_id=685"},"modified":"2026-08-11T16:41:56","modified_gmt":"2026-08-11T19:41:56","slug":"autoridades","status":"publish","type":"page","link":"https:\/\/isss-crr.infd.edu.ar\/sitio\/institucional\/autoridades\/","title":{"rendered":"Autoridades"},"content":{"rendered":"<h4 style=\"text-align: center;\">Rector<\/h4>\n<p style=\"text-align: center;\">Mg. Fernando Abel Ang\u00e9lico<\/p>\n<p style=\"text-align: center;\"><strong>Vice Rector Turno Tarde<\/strong><\/p>\n<p style=\"text-align: center;\">\u00a0Prof. Ricardo Daniel Leiva<\/p>\n<p style=\"text-align: center;\"><strong>Vice Rectora Turno Noche<\/strong><\/p>\n<p style=\"text-align: center;\">Prof. Patricia Margarita Wenk<\/p>\n<hr \/>\n<p style=\"text-align: center;\"><strong>COORDINACIONES<\/strong><\/p>\n<p style=\"text-align: center;\"><strong>Trabajo Social<\/strong><\/p>\n<p style=\"text-align: center;\">Lic. Abel Sol\u00eds<\/p>\n<p style=\"text-align: center;\"><strong>Tecnicatura Superior en Enfermer\u00eda<\/strong><\/p>\n<p style=\"text-align: center;\">Lic. Marta Saucedo<\/p>\n<p style=\"text-align: center;\"><strong>Tecnicatura Superior en\u00a0<\/strong><strong>Comunicaci\u00f3n<\/strong><strong>\u00a0Social<\/strong><\/p>\n<p style=\"text-align: center;\">Lic. Ana Mar\u00eda Escobar<\/p>\n<p style=\"text-align: center;\"><strong>Tecnicatura Superior en Educaci\u00f3n y Seguridad Vial:<\/strong><\/p>\n<p style=\"text-align: center;\">Lic. Tony Vidales<\/p>\n<p style=\"text-align: center;\"><strong>Formaci\u00f3n Inicial<\/strong><\/p>\n<p style=\"text-align: center;\">Lic. Dar\u00edo Gonz\u00e1lez<\/p>\n<p style=\"text-align: center;\"><strong>\u00a0Investigaci\u00f3n<\/strong><\/p>\n<p style=\"text-align: center;\">Lic. Mar\u00eda del Carmen Bataccini<\/p>\n<p style=\"text-align: center;\"><strong>Formaci\u00f3n T\u00e9cnica<\/strong><\/p>\n<p style=\"text-align: center;\">Lic. Patricia Bord\u00f3n<\/p>\n","protected":false},"excerpt":{"rendered":"<p>Rector Mg. Fernando Abel Ang\u00e9lico Vice Rector Turno Tarde \u00a0Prof. Ricardo Daniel Leiva Vice Rectora Turno Noche Prof. Patricia Margarita Wenk COORDINACIONES Trabajo Social Lic. Abel Sol\u00eds Tecnicatura Superior en Enfermer\u00eda Lic. Marta Saucedo Tecnicatura Superior en\u00a0Comunicaci\u00f3n\u00a0Social Lic. Ana Mar\u00eda Escobar Tecnicatura Superior en Educaci\u00f3n y Seguridad Vial: Lic. Tony Vidales Formaci\u00f3n Inicial Lic. Dar\u00edo &#8230; <a title=\"Autoridades\" class=\"read-more\" href=\"https:\/\/isss-crr.infd.edu.ar\/sitio\/institucional\/autoridades\/\" aria-label=\"More on Autoridades\">[+]<\/a><\/p>\n","protected":false},"author":6,"featured_media":0,"parent":683,"menu_order":0,"comment_status":"closed","ping_status":"closed","template":"","meta":[],"acf":[],"_links":{"self":[{"href":"https:\/\/isss-crr.infd.edu.ar\/sitio\/wp-json\/wp\/v2\/pages\/685"}],"collection":[{"href":"https:\/\/isss-crr.infd.edu.ar\/sitio\/wp-json\/wp\/v2\/pages"}],"about":[{"href":"https:\/\/isss-crr.infd.edu.ar\/sitio\/wp-json\/wp\/v2\/types\/page"}],"author":[{"embeddable":true,"href":"https:\/\/isss-crr.infd.edu.ar\/sitio\/wp-json\/wp\/v2\/users\/6"}],"replies":[{"embeddable":true,"href":"https:\/\/isss-crr.infd.edu.ar\/sitio\/wp-json\/wp\/v2\/comments?post=685"}],"version-history":[{"count":13,"href":"https:\/\/isss-crr.infd.edu.ar\/sitio\/wp-json\/wp\/v2\/pages\/685\/revisions"}],"predecessor-version":[{"id":1509,"href":"https:\/\/isss-crr.infd.edu.ar\/sitio\/wp-json\/wp\/v2\/pages\/685\/revisions\/1509"}],"up":[{"embeddable":true,"href":"https:\/\/isss-crr.infd.edu.ar\/sitio\/wp-json\/wp\/v2\/pages\/683"}],"wp:attachment":[{"href":"https:\/\/isss-crr.infd.edu.ar\/sitio\/wp-json\/wp\/v2\/media?parent=685"}],"curies":[{"name":"wp","href":"https:\/\/api.w.org\/{rel}","templated":true}]}}